{"id":500,"date":"2023-07-24T08:14:26","date_gmt":"2023-07-24T07:14:26","guid":{"rendered":"https:\/\/weequip.de\/?page_id=500"},"modified":"2023-07-27T08:30:54","modified_gmt":"2023-07-27T07:30:54","slug":"datenschutz-2","status":"publish","type":"page","link":"https:\/\/weequip.de\/?page_id=500","title":{"rendered":"Privatsph\u00e4re und Datenschutz"},"content":{"rendered":"\t\t<div data-elementor-type=\"wp-page\" data-elementor-id=\"500\" class=\"elementor elementor-500\" data-elementor-post-type=\"page\">\n\t\t\t\t\t\t<section class=\"elementor-section elementor-top-section elementor-element elementor-element-9f286e5 elementor-section-boxed elementor-section-height-default elementor-section-height-default\" data-id=\"9f286e5\" data-element_type=\"section\">\n\t\t\t\t\t\t<div class=\"elementor-container elementor-column-gap-default\">\n\t\t\t\t\t<div class=\"elementor-column elementor-col-100 elementor-top-column elementor-element elementor-element-3cc31b4\" data-id=\"3cc31b4\" data-element_type=\"column\">\n\t\t\t<div class=\"elementor-widget-wrap elementor-element-populated\">\n\t\t\t\t\t\t<div class=\"elementor-element elementor-element-1c21fe5 elementor-widget elementor-widget-heading\" data-id=\"1c21fe5\" data-element_type=\"widget\" data-widget_type=\"heading.default\">\n\t\t\t\t<div class=\"elementor-widget-container\">\n\t\t\t\t\t<h2 class=\"elementor-heading-title elementor-size-default\">Datenschutz<\/h2>\t\t\t\t<\/div>\n\t\t\t\t<\/div>\n\t\t\t\t<div class=\"elementor-element elementor-element-534deec elementor-widget-divider--view-line elementor-widget elementor-widget-divider\" data-id=\"534deec\" data-element_type=\"widget\" data-widget_type=\"divider.default\">\n\t\t\t\t<div class=\"elementor-widget-container\">\n\t\t\t\t\t\t\t<div class=\"elementor-divider\">\n\t\t\t<span class=\"elementor-divider-separator\">\n\t\t\t\t\t\t<\/span>\n\t\t<\/div>\n\t\t\t\t\t\t<\/div>\n\t\t\t\t<\/div>\n\t\t\t\t<div class=\"elementor-element elementor-element-afc6b7d elementor-widget elementor-widget-text-editor\" data-id=\"afc6b7d\" data-element_type=\"widget\" data-widget_type=\"text-editor.default\">\n\t\t\t\t<div class=\"elementor-widget-container\">\n\t\t\t\t\t\t\t\t\t<p>Hier zu schnellen \u00dcbersicht welche Daten diese Website speichert . Weiter unten folgt<br \/>dann die vollst\u00e4ndige Rechtlich einwandfreie Datenschutzerkl\u00e4rung<\/p><p><a class=\"_brlbs-btn-cookie-preference borlabs-cookie-preference\" href=\"https:\/\/janbalke.de\/datenschutz\/#\">Cookie Einstellungen<\/a><\/p><p>\u00a0<\/p><ul><li>unser\u00a0Hoster speichert IP-Adressen (unter anderem um Angriffe zu verhindern)<\/li><li>hinterlasstihr uns einen Kommentar, speichern wir ihre Email-Adresse.<\/li><li>schreibt\u00a0ihr uns \u00fcber ein Kontaktformular an, landen die dort eingegebenen Infos per<br \/>Mail bei uns<\/li><\/ul><p>Was wir alles <strong>nicht<\/strong> speichern, erheben oder weitergeben:<\/p><p>\u00a0<\/p><ul><li>Analyse-Daten<br \/>(es gibt kein Google Analytics o.\u00e4. auf unserer Seite)<\/li><li>Cookies<br \/>(au\u00dfer es wird ein Kommentar hinterlassen)<\/li><li>IP-Adressen<br \/>f\u00fcr Werbe-Netzwerke o.\u00e4. (Gibt es bei uns nicht.)<\/li><\/ul><p>Unsere Social Media Buttons f\u00fchren zu dem jeweilgen Netzwerk und <br \/>unterliegn so den dort geltenden Bestimmungen.<\/p><p>\u00a0<\/p><p>Unser Hoster sitzt auch in Deutschland und hei\u00dft Uberspace, Kundeninforationen<br \/>landen nicht auf diesem Server, sondern nur auf unseren B\u00fcro Ger\u00e4ten. Backups<br \/>unserer lokalen Daten und dieser Website machen wir auf eigenen Servern.<\/p><p>\u00a0<\/p><p>Jetzt kommt die Juristisch einwandfreie Form:<\/p><p>\u00a0<\/p><hr class=\"wp-block-separator\" \/><p class=\"has-large-font-size\"><strong>Datenschutzerkl\u00e4rung<\/strong><\/p><p>\u00a0<\/p><p>Diese Datenschutzerkl\u00e4rung kl\u00e4rt Sie \u00fcber die Art, den Umfang und Zweck der<br \/>Verarbeitung von personenbezogenen Daten (nachfolgend kurz \u201eDaten\u201c) innerhalb<br \/>unseres Onlineangebotes und der mit ihm verbundenen Webseiten, Funktionen und<br \/>Inhalte sowie externen Onlinepr\u00e4senzen, wie z.B. unser Social Media Profile<br \/>auf. (nachfolgend gemeinsam bezeichnet als \u201eOnlineangebot\u201c). Im Hinblick auf<br \/>die verwendeten Begrifflichkeiten, wie z.B. \u201eVerarbeitung\u201c oder<br \/>\u201eVerantwortlicher\u201c verweisen wir auf die Definitionen im Art. 4 der<br \/>Datenschutzgrundverordnung (DSGVO).<\/p><p>\u00a0<\/p><p class=\"has-medium-font-size\"><strong>Verantwortlicher<\/strong><\/p><p>\u00a0<\/p><p>Jan Balke EDV System GmbH <br \/>Brunnweisenstra\u00dfe 25 <br \/>Hasloch <br \/>E-Mailadresse: technik@janbalke.de <br \/>Hier zum <a href=\"https:\/\/weequip.de\/?page_id=415\">Impressum<\/a><\/p><p>\u00a0<\/p><p class=\"has-medium-font-size\"><strong>Arten der verarbeiteten Daten:<\/strong><\/p><p>\u00a0<\/p><p>\u2013 Bestandsdaten (z.B., Namen, Adressen).<br \/>\u2013 Kontaktdaten (z.B., E-Mail, Telefonnummern).<br \/>\u2013 Inhaltsdaten (z.B., Texteingaben, Fotografien, Videos).<br \/>\u2013 Nutzungsdaten (z.B., besuchte Webseiten, Interesse an Inhalten,\u00a0Zugriffszeiten).<br \/>\u2013 Meta-\/Kommunikationsdaten (z.B., Ger\u00e4te-Informationen, IP-Adressen).<\/p><p>\u00a0<\/p><p class=\"has-medium-font-size\"><strong>Zweck der Verarbeitung<\/strong><\/p><p>\u00a0<\/p><p>\u2013 Zurverf\u00fcgungstellung des Onlineangebotes, seiner Funktionen und Inhalte.<br \/>\u2013 Beantwortung von Kontaktanfragen und Kommunikation mit Nutzern.<br \/>\u2013 Sicherheitsma\u00dfnahmen.<br \/>\u2013 Reichweitenmessung\/Marketing<\/p><p>\u00a0<\/p><p class=\"has-medium-font-size\"><strong>Verwendete Begrifflichkeiten<\/strong><\/p><p>\u00a0<\/p><p>\u201ePersonenbezogene Daten\u201c sind alle Informationen, die sich auf eine<br \/>identifizierte oder identifizierbare nat\u00fcrliche Person (im Folgenden<br \/>\u201ebetroffene Person\u201c) beziehen; als identifizierbar wird eine nat\u00fcrliche Person<br \/>angesehen, die direkt oder indirekt, insbesondere mittels Zuordnung zu einer<br \/>Kennung wie einem Namen, zu einer Kennnummer, zu Standortdaten, zu einer<br \/>Online-Kennung (z.B. Cookie) oder zu einem oder mehreren besonderen Merkmalen<br \/>identifiziert werden kann, die Ausdruck der physischen, physiologischen,<br \/>genetischen, psychischen, wirtschaftlichen, kulturellen oder sozialen Identit\u00e4t<br \/>dieser nat\u00fcrlichen Person sind.<\/p><p>\u00a0<\/p><p>\u201eVerarbeitung\u201c ist jeder mit oder ohne Hilfe automatisierter Verfahren<br \/>ausgef\u00fchrten Vorgang oder jede solche Vorgangsreihe im Zusammenhang mit<br \/>personenbezogenen Daten. Der Begriff reicht weit und umfasst praktisch jeden<br \/>Umgang mit Daten.<\/p><p>\u00a0<\/p><p>Als \u201eVerantwortlicher\u201c wird die nat\u00fcrliche oder juristische Person,<br \/>Beh\u00f6rde, Einrichtung oder andere Stelle, die allein oder gemeinsam mit anderen<br \/>\u00fcber die Zwecke und Mittel der Verarbeitung von personenbezogenen Daten<br \/>entscheidet, bezeichnet.<\/p><p>\u00a0<\/p><p class=\"has-medium-font-size\"><strong>Ma\u00dfgebliche Rechtsgrundlagen<\/strong><\/p><p>\u00a0<\/p><p>Nach Ma\u00dfgabe des Art. 13 DSGVO teilen wir Ihnen die Rechtsgrundlagen<br \/>unserer Datenverarbeitungen mit. Sofern die Rechtsgrundlage in der<br \/>Datenschutzerkl\u00e4rung nicht genannt wird, gilt Folgendes: Die Rechtsgrundlage<br \/>f\u00fcr die Einholung von Einwilligungen ist Art. 6 Abs. 1 lit. a und Art. 7 DSGVO,<br \/>die Rechtsgrundlage f\u00fcr die Verarbeitung zur Erf\u00fcllung unserer Leistungen und<br \/>Durchf\u00fchrung vertraglicher Ma\u00dfnahmen sowie Beantwortung von Anfragen ist Art. 6<br \/>Abs. 1 lit. b DSGVO, die Rechtsgrundlage f\u00fcr die Verarbeitung zur Erf\u00fcllung<br \/>unserer rechtlichen Verpflichtungen ist Art. 6 Abs. 1 lit. c DSGVO, und die<br \/>Rechtsgrundlage f\u00fcr die Verarbeitung zur Wahrung unserer berechtigten<br \/>Interessen ist Art. 6 Abs. 1 lit. f DSGVO. F\u00fcr den Fall, dass lebenswichtige<br \/>Interessen der betroffenen Person oder einer anderen nat\u00fcrlichen Person eine<br \/>Verarbeitung personenbezogener Daten erforderlich machen, dient Art. 6 Abs. 1<br \/>lit. d DSGVO als Rechtsgrundlage.<\/p><p>\u00a0<\/p><p class=\"has-medium-font-size\"><strong>Sicherheitsma\u00dfnahmen<\/strong><\/p><p>\u00a0<\/p><p>Wir bitten Sie sich regelm\u00e4\u00dfig \u00fcber den Inhalt unserer Datenschutzerkl\u00e4rung<br \/>zu informieren. Wir passen die Datenschutzerkl\u00e4rung an, sobald die \u00c4nderungen<br \/>der von uns durchgef\u00fchrten Datenverarbeitungen dies erforderlich machen. Wir<br \/>informieren Sie, sobald durch die \u00c4nderungen eine Mitwirkungshandlung Ihrerseits<br \/>(z.B. Einwilligung) oder eine sonstige individuelle Benachrichtigung<br \/>erforderlich wird.<\/p><p>\u00a0<\/p><p class=\"has-medium-font-size\"><strong>Zusammenarbeit mit Auftragsverarbeitern und Dritten<\/strong><\/p><p>\u00a0<\/p><p>Sofern wir im Rahmen unserer Verarbeitung Daten gegen\u00fcber anderen Personen<br \/>und Unternehmen (Auftragsverarbeitern oder Dritten) offenbaren, sie an diese<br \/>\u00fcbermitteln oder ihnen sonst Zugriff auf die Daten gew\u00e4hren, erfolgt dies nur<br \/>auf Grundlage einer gesetzlichen Erlaubnis (z.B. wenn eine \u00dcbermittlung der<br \/>Daten an Dritte, wie an Zahlungsdienstleister, gem. Art. 6 Abs. 1 lit. b DSGVO<br \/>zur Vertragserf\u00fcllung erforderlich ist), Sie eingewilligt haben, eine<br \/>rechtliche Verpflichtung dies vorsieht oder auf Grundlage unserer berechtigten<br \/>Interessen (z.B. beim Einsatz von Beauftragten, Webhostern, etc.).<\/p><p>\u00a0<\/p><p>Sofern wir Dritte mit der Verarbeitung von Daten auf Grundlage eines sog.<br \/>\u201eAuftragsverarbeitungsvertrages\u201c beauftragen, geschieht dies auf Grundlage des<br \/>Art. 28 DSGVO.<\/p><p>\u00a0<\/p><p class=\"has-medium-font-size\"><strong>\u00dcbermittlungen in Drittl\u00e4nder<\/strong><\/p><p>\u00a0<\/p><p>Sofern wir Daten in einem Drittland (d.h. au\u00dferhalb der Europ\u00e4ischen Union<br \/>(EU) oder des Europ\u00e4ischen Wirtschaftsraums (EWR)) verarbeiten oder dies im<br \/>Rahmen der Inanspruchnahme von Diensten Dritter oder Offenlegung, bzw.<br \/>\u00dcbermittlung von Daten an Dritte geschieht, erfolgt dies nur, wenn es zur<br \/>Erf\u00fcllung unserer (vor)vertraglichen Pflichten, auf Grundlage Ihrer<br \/>Einwilligung, aufgrund einer rechtlichen Verpflichtung oder auf Grundlage<br \/>unserer berechtigten Interessen geschieht. Vorbehaltlich gesetzlicher oder<br \/>vertraglicher Erlaubnisse, verarbeiten oder lassen wir die Daten in einem Drittland<br \/>nur beim Vorliegen der besonderen Voraussetzungen der Art. 44 ff. DSGVO<br \/>verarbeiten. D.h. die Verarbeitung erfolgt z.B. auf Grundlage besonderer<br \/>Garantien, wie der offiziell anerkannten Feststellung eines der EU<br \/>entsprechenden Datenschutzniveaus (z.B. f\u00fcr die USA durch das \u201ePrivacy Shield\u201c)<br \/>oder Beachtung offiziell anerkannter spezieller vertraglicher Verpflichtungen<br \/>(so genannte \u201eStandardvertragsklauseln\u201c).<\/p><p>\u00a0<\/p><p class=\"has-medium-font-size\"><strong>Rechte der betroffenen Personen<\/strong><\/p><p>\u00a0<\/p><p>Sie haben das Recht, eine Best\u00e4tigung dar\u00fcber zu verlangen, ob betreffende<br \/>Daten verarbeitet werden und auf Auskunft \u00fcber diese Daten sowie auf weitere<br \/>Informationen und Kopie der Daten entsprechend Art. 15 DSGVO.<\/p><p>\u00a0<\/p><p>Sie haben entsprechend. Art. 16 DSGVO das Recht, die Vervollst\u00e4ndigung der<br \/>Sie betreffenden Daten oder die Berichtigung der Sie betreffenden unrichtigen<br \/>Daten zu verlangen.<\/p><p>\u00a0<\/p><p>Sie haben nach Ma\u00dfgabe des Art. 17 DSGVO das Recht zu verlangen, dass<br \/>betreffende Daten unverz\u00fcglich gel\u00f6scht werden, bzw. alternativ nach Ma\u00dfgabe<br \/>des Art. 18 DSGVO eine Einschr\u00e4nkung der Verarbeitung der Daten zu verlangen.<\/p><p>\u00a0<\/p><p>Sie haben das Recht zu verlangen, dass die Sie betreffenden Daten, die Sie<br \/>uns bereitgestellt haben nach Ma\u00dfgabe des Art. 20 DSGVO zu erhalten und deren<br \/>\u00dcbermittlung an andere Verantwortliche zu fordern.<\/p><p>\u00a0<\/p><p>Sie haben ferner gem. Art. 77 DSGVO das Recht, eine Beschwerde bei der<br \/>zust\u00e4ndigen Aufsichtsbeh\u00f6rde einzureichen.<\/p><p>\u00a0<\/p><p class=\"has-medium-font-size\"><strong>Widerrufsrecht<\/strong><\/p><p>\u00a0<\/p><p>Sie haben das Recht, erteilte Einwilligungen gem. Art. 7 Abs. 3 DSGVO mit<br \/>Wirkung f\u00fcr die Zukunft zu widerrufen<\/p><p>\u00a0<\/p><p class=\"has-medium-font-size\"><strong>Widerspruchsrecht<\/strong><\/p><p>\u00a0<\/p><p>Sie k\u00f6nnen der k\u00fcnftigen Verarbeitung der Sie betreffenden Daten nach<br \/>Ma\u00dfgabe des Art. 21 DSGVO jederzeit widersprechen. Der Widerspruch kann<br \/>insbesondere gegen die Verarbeitung f\u00fcr Zwecke der Direktwerbung erfolgen.<\/p><p>\u00a0<\/p><p class=\"has-medium-font-size\"><strong>Cookies und Widerspruchsrecht bei Direktwerbung<\/strong><\/p><p>\u00a0<\/p><p>Als \u201eCookies\u201c werden kleine Dateien bezeichnet, die auf Rechnern der Nutzer<br \/>gespeichert werden. Innerhalb der Cookies k\u00f6nnen unterschiedliche Angaben<br \/>gespeichert werden. Ein Cookie dient prim\u00e4r dazu, die Angaben zu einem Nutzer<br \/>(bzw. dem Ger\u00e4t auf dem das Cookie gespeichert ist) w\u00e4hrend oder auch nach<br \/>seinem Besuch innerhalb eines Onlineangebotes zu speichern. Als tempor\u00e4re<br \/>Cookies, bzw. \u201eSession-Cookies\u201c oder \u201etransiente Cookies\u201c, werden Cookies<br \/>bezeichnet, die gel\u00f6scht werden, nachdem ein Nutzer ein Onlineangebot verl\u00e4sst<br \/>und seinen Browser schlie\u00dft. In einem solchen Cookie kann z.B. der Inhalt eines<br \/>Warenkorbs in einem Onlineshop oder ein Login-Staus gespeichert werden. Als<br \/>\u201epermanent\u201c oder \u201epersistent\u201c werden Cookies bezeichnet, die auch nach dem<br \/>Schlie\u00dfen des Browsers gespeichert bleiben. So kann z.B. der Login-Status<br \/>gespeichert werden, wenn die Nutzer diese nach mehreren Tagen aufsuchen. Ebenso<br \/>k\u00f6nnen in einem solchen Cookie die Interessen der Nutzer gespeichert werden,<br \/>die f\u00fcr Reichweitenmessung oder Marketingzwecke verwendet werden. Als<br \/>\u201eThird-Party-Cookie\u201c werden Cookies bezeichnet, die von anderen Anbietern als dem<br \/>Verantwortlichen, der das Onlineangebot betreibt, angeboten werden<br \/>(andernfalls, wenn es nur dessen Cookies sind spricht man von \u201eFirst-Party<br \/>Cookies\u201c).<\/p><p>\u00a0<\/p><p>Wir k\u00f6nnen tempor\u00e4re und permanente Cookies einsetzen und kl\u00e4ren hier\u00fcber<br \/>im Rahmen unserer Datenschutzerkl\u00e4rung auf.<\/p><p>\u00a0<\/p><p>Falls die Nutzer nicht m\u00f6chten, dass Cookies auf ihrem Rechner gespeichert<br \/>werden, werden sie gebeten die entsprechende Option in den Systemeinstellungen<br \/>ihres Browsers zu deaktivieren. Gespeicherte Cookies k\u00f6nnen in den<br \/>Systemeinstellungen des Browsers gel\u00f6scht werden. Der Ausschluss von Cookies<br \/>kann zu Funktionseinschr\u00e4nkungen dieses Onlineangebotes f\u00fchren.<\/p><p>\u00a0<\/p><p>Ein genereller Widerspruch gegen den Einsatz der zu Zwecken des<br \/>Onlinemarketing eingesetzten Cookies kann bei einer Vielzahl der Dienste, vor<br \/>allem im Fall des Trackings, \u00fcber die US-amerikanische Seite\u00a0<a href=\"http:\/\/www.aboutads.info\/choices\/\"><strong>http:\/\/www.aboutads.info\/choices\/<\/strong><\/a>\u00a0oder<br \/>die EU-Seite\u00a0<a href=\"http:\/\/www.youronlinechoices.com\/\"><strong>http:\/\/www.youronlinechoices.com\/<\/strong><\/a>\u00a0erkl\u00e4rt<br \/>werden. Des Weiteren kann die Speicherung von Cookies mittels deren Abschaltung<br \/>in den Einstellungen des Browsers erreicht werden. Bitte beachten Sie, dass<br \/>dann gegebenenfalls nicht alle Funktionen dieses Onlineangebotes genutzt werden<br \/>k\u00f6nnen.<\/p><p>\u00a0<\/p><p class=\"has-medium-font-size\"><strong>L\u00f6schung von Daten<\/strong><\/p><p>\u00a0<\/p><p>Die von uns verarbeiteten Daten werden nach Ma\u00dfgabe der Art. 17 und 18<br \/>DSGVO gel\u00f6scht oder in ihrer Verarbeitung eingeschr\u00e4nkt. Sofern nicht im Rahmen<br \/>dieser Datenschutzerkl\u00e4rung ausdr\u00fccklich angegeben, werden die bei uns<br \/>gespeicherten Daten gel\u00f6scht, sobald sie f\u00fcr ihre Zweckbestimmung nicht mehr<br \/>erforderlich sind und der L\u00f6schung keine gesetzlichen Aufbewahrungspflichten<br \/>entgegenstehen. Sofern die Daten nicht gel\u00f6scht werden, weil sie f\u00fcr andere und<br \/>gesetzlich zul\u00e4ssige Zwecke erforderlich sind, wird deren Verarbeitung<br \/>eingeschr\u00e4nkt. D.h. die Daten werden gesperrt und nicht f\u00fcr andere Zwecke<br \/>verarbeitet. Das gilt z.B. f\u00fcr Daten, die aus handels- oder steuerrechtlichen<br \/>Gr\u00fcnden aufbewahrt werden m\u00fcssen.<\/p><p>\u00a0<\/p><p>Nach gesetzlichen Vorgaben in Deutschland erfolgt die Aufbewahrung<br \/>insbesondere f\u00fcr 6 Jahre gem\u00e4\u00df \u00a7 257 Abs. 1 HGB (Handelsb\u00fccher, Inventare,<br \/>Er\u00f6ffnungsbilanzen, Jahresabschl\u00fcsse, Handelsbriefe, Buchungsbelege, etc.)<br \/>sowie f\u00fcr 10 Jahre gem\u00e4\u00df \u00a7 147 Abs. 1 AO (B\u00fccher, Aufzeichnungen, Lageberichte,<br \/>Buchungsbelege, Handels- und Gesch\u00e4ftsbriefe, F\u00fcr Besteuerung relevante<br \/>Unterlagen, etc.).<\/p><p>\u00a0<\/p><p>Nach gesetzlichen Vorgaben in \u00d6sterreich erfolgt die Aufbewahrung<br \/>insbesondere f\u00fcr 7 J gem\u00e4\u00df \u00a7 132 Abs. 1 BAO (Buchhaltungsunterlagen,<br \/>Belege\/Rechnungen, Konten, Belege, Gesch\u00e4ftspapiere, Aufstellung der Einnahmen<br \/>und Ausgaben, etc.), f\u00fcr 22 Jahre im Zusammenhang mit Grundst\u00fccken und f\u00fcr 10<br \/>Jahre bei Unterlagen im Zusammenhang mit elektronisch erbrachten Leistungen,<br \/>Telekommunikations-, Rundfunk- und Fernsehleistungen, die an Nichtunternehmer<br \/>in EU-Mitgliedstaaten erbracht werden und f\u00fcr die der Mini-One-Stop-Shop (MOSS)<br \/>in Anspruch genommen wird.<\/p><p>\u00a0<\/p><p class=\"has-medium-font-size\"><strong>Gesch\u00e4ftsbezogene Verarbeitung<\/strong><\/p><p>\u00a0<\/p><p>Zus\u00e4tzlich verarbeiten wir<br \/>\u2013 Vertragsdaten (z.B., Vertragsgegenstand, Laufzeit, Kundenkategorie).<br \/>\u2013 Zahlungsdaten (z.B., Bankverbindung, Zahlungshistorie)\u00a0von unseren Kunden, Interessenten und Gesch\u00e4ftspartner zwecks Erbringung<br \/>vertraglicher Leistungen, Service und Kundenpflege, Marketing, Werbung und\u00a0Marktforschung.<\/p><p>\u00a0<\/p><p class=\"has-medium-font-size\"><strong>Hosting<\/strong><\/p><p>\u00a0<\/p><p>Die von uns in Anspruch genommenen Hosting-Leistungen dienen der<br \/>Zurverf\u00fcgungstellung der folgenden Leistungen: Infrastruktur- und<br \/>Plattformdienstleistungen, Rechenkapazit\u00e4t, Speicherplatz und Datenbankdienste,<br \/>Sicherheitsleistungen sowie technische Wartungsleistungen, die wir zum Zwecke<br \/>des Betriebs dieses Onlineangebotes einsetzen.<\/p><p>\u00a0<\/p><p>Hierbei verarbeiten wir, bzw. unser Hostinganbieter Bestandsdaten,<br \/>Kontaktdaten, Inhaltsdaten, Vertragsdaten, Nutzungsdaten, Meta- und<br \/>Kommunikationsdaten von Kunden, Interessenten und Besuchern dieses<br \/>Onlineangebotes auf Grundlage unserer berechtigten Interessen an einer<br \/>effizienten und sicheren Zurverf\u00fcgungstellung dieses Onlineangebotes gem. Art.<br \/>6 Abs. 1 lit. f DSGVO i.V.m. Art. 28 DSGVO (Abschluss<br \/>Auftragsverarbeitungsvertrag).<\/p><p>\u00a0<\/p><p class=\"has-medium-font-size\"><strong>Erhebung von Zugriffsdaten und Logfiles<\/strong><\/p><p>\u00a0<\/p><p>Wir, bzw. unser Hostinganbieter, erhebt auf Grundlage unserer berechtigten<br \/>Interessen im Sinne des Art. 6 Abs. 1 lit. f. DSGVO Daten \u00fcber jeden Zugriff<br \/>auf den Server, auf dem sich dieser Dienst befindet (sogenannte<br \/>Serverlogfiles). Zu den Zugriffsdaten geh\u00f6ren Name der abgerufenen Webseite,<br \/>Datei, Datum und Uhrzeit des Abrufs, \u00fcbertragene Datenmenge, Meldung \u00fcber<br \/>erfolgreichen Abruf, Browsertyp nebst Version, das Betriebssystem des Nutzers,<br \/>Referrer URL (die zuvor besuchte Seite), IP-Adresse und der anfragende<br \/>Provider.<\/p><p>\u00a0<\/p><p>Logfile-Informationen werden aus Sicherheitsgr\u00fcnden (z.B. zur Aufkl\u00e4rung<br \/>von Missbrauchs- oder Betrugshandlungen) f\u00fcr die Dauer von maximal 7 Tagen<br \/>gespeichert und danach gel\u00f6scht. Daten, deren weitere Aufbewahrung zu<br \/>Beweiszwecken erforderlich ist, sind bis zur endg\u00fcltigen Kl\u00e4rung des jeweiligen<br \/>Vorfalls von der L\u00f6schung ausgenommen.<\/p><p>\u00a0<\/p><p class=\"has-medium-font-size\"><strong>Agenturdienstleistungen<\/strong><\/p><p>\u00a0<\/p><p>Wir verarbeiten die Daten unserer Kunden im Rahmen unserer vertraglichen<br \/>Leistungen zu denen konzeptionelle und strategische Beratung, Kampagnenplanung,<br \/>Software- und Designentwicklung\/-beratung oder Pflege, Umsetzung von Kampagnen<br \/>und Prozessen\/ Handling, Serveradministration, Datenanalyse\/<br \/>Beratungsleistungen und Schulungsleistungen geh\u00f6ren.<\/p><p>\u00a0<\/p><p>Hierbei verarbeiten wir Bestandsdaten (z.B., Kundenstammdaten, wie Namen<br \/>oder Adressen), Kontaktdaten (z.B., E-Mail, Telefonnummern), Inhaltsdaten<br \/>(z.B., Texteingaben, Fotografien, Videos), Vertragsdaten (z.B.,<br \/>Vertragsgegenstand, Laufzeit), Zahlungsdaten (z.B., Bankverbindung,<br \/>Zahlungshistorie), Nutzungs- und Metadaten (z.B. im Rahmen der Auswertung und<br \/>Erfolgsmessung von Marketingma\u00dfnahmen). Besondere Kategorien personenbezogener<br \/>Daten verarbeiten wir grunds\u00e4tzlich nicht, au\u00dfer wenn diese Bestandteile einer<br \/>beauftragten Verarbeitung sind. Zu den Betroffenen geh\u00f6ren unsere Kunden,<br \/>Interessenten sowie deren Kunden, Nutzer, Websitebesucher oder Mitarbeiter<br \/>sowie Dritte. Der Zweck der Verarbeitung besteht in der Erbringung von<br \/>Vertragsleistungen, Abrechnung und unserem Kundenservice. Die Rechtsgrundlagen<br \/>der Verarbeitung ergeben sich aus Art. 6 Abs. 1 lit. b DSGVO (vertragliche<br \/>Leistungen), Art. 6 Abs. 1 lit. f DSGVO (Analyse, Statistik, Optimierung,<br \/>Sicherheitsma\u00dfnahmen). Wir verarbeiten Daten, die zur Begr\u00fcndung und Erf\u00fcllung<br \/>der vertraglichen Leistungen erforderlich sind und weisen auf die<br \/>Erforderlichkeit ihrer Angabe hin. Eine Offenlegung an Externe erfolgt nur,<br \/>wenn sie im Rahmen eines Auftrags erforderlich ist. Bei der Verarbeitung der<br \/>uns im Rahmen eines Auftrags \u00fcberlassenen Daten handeln wir entsprechend den<br \/>Weisungen der Auftraggeber sowie der gesetzlichen Vorgaben einer<br \/>Auftragsverarbeitung gem. Art. 28 DSGVO und verarbeiten die Daten zu keinen<br \/>anderen, als den auftragsgem\u00e4\u00dfen Zwecken.<\/p><p>\u00a0<\/p><p>Wir l\u00f6schen die Daten nach Ablauf gesetzlicher Gew\u00e4hrleistungs- und<br \/>vergleichbarer Pflichten. die Erforderlichkeit der Aufbewahrung der Daten wird<br \/>alle drei Jahre \u00fcberpr\u00fcft; im Fall der gesetzlichen Archivierungspflichten<br \/>erfolgt die L\u00f6schung nach deren Ablauf (6 J, gem. \u00a7 257 Abs. 1 HGB, 10 J, gem.<br \/>\u00a7 147 Abs. 1 AO). Im Fall von Daten, die uns gegen\u00fcber im Rahmen eines Auftrags<br \/>durch den Auftraggeber offengelegt wurden, l\u00f6schen wir die Daten entsprechend<br \/>den Vorgaben des Auftrags, grunds\u00e4tzlich nach Ende des Auftrags.<\/p><p>\u00a0<\/p><p class=\"has-medium-font-size\"><strong>Erbringung vertraglicher Leistungen<\/strong><\/p><p>\u00a0<\/p><p>Wir verarbeiten Bestandsdaten (z.B., Namen und Adressen sowie Kontaktdaten<br \/>von Nutzern), Vertragsdaten (z.B., in Anspruch genommene Leistungen, Namen von<br \/>Kontaktpersonen, Zahlungsinformationen) zwecks Erf\u00fcllung unserer vertraglichen<br \/>Verpflichtungen und Serviceleistungen gem. Art. 6 Abs. 1 lit b. DSGVO. Die in<br \/>Onlineformularen als verpflichtend gekennzeichneten Eingaben, sind f\u00fcr den<br \/>Vertragsschluss erforderlich.<\/p><p>\u00a0<\/p><p>Im Rahmen der Inanspruchnahme unserer Onlinedienste, speichern wir die<br \/>IP-Adresse und den Zeitpunkt der jeweiligen Nutzerhandlung. Die Speicherung<br \/>erfolgt auf Grundlage unserer berechtigten Interessen, als auch der Nutzer an<br \/>Schutz vor Missbrauch und sonstiger unbefugter Nutzung. Eine Weitergabe dieser<br \/>Daten an Dritte erfolgt grunds\u00e4tzlich nicht, au\u00dfer sie ist zur Verfolgung<br \/>unserer Anspr\u00fcche erforderlich oder es besteht hierzu eine gesetzliche<br \/>Verpflichtung gem. Art. 6 Abs. 1 lit. c DSGVO.<\/p><p>\u00a0<\/p><p>Wir verarbeiten Nutzungsdaten (z.B., die besuchten Webseiten unseres<br \/>Onlineangebotes, Interesse an unseren Produkten) und Inhaltsdaten (z.B.,<br \/>Eingaben im Kontaktformular oder Nutzerprofil) f\u00fcr Werbezwecke in einem<br \/>Nutzerprofil, um den Nutzer z.B. Produkthinweise ausgehend von ihren bisher in<br \/>Anspruch genommenen Leistungen einzublenden.<\/p><p>\u00a0<\/p><p>Die L\u00f6schung der Daten erfolgt nach Ablauf gesetzlicher Gew\u00e4hrleistungs-<br \/>und vergleichbarer Pflichten, die Erforderlichkeit der Aufbewahrung der Daten<br \/>wird alle drei Jahre \u00fcberpr\u00fcft; im Fall der gesetzlichen Archivierungspflichten<br \/>erfolgt die L\u00f6schung nach deren Ablauf. Angaben im etwaigen Kundenkonto<br \/>verbleiben bis zu dessen L\u00f6schung.<\/p><p>\u00a0<\/p><p class=\"has-medium-font-size\"><strong>Administration, Finanzbuchhaltung, B\u00fcroorganisation, Kontaktverwaltung<\/strong><\/p><p>\u00a0<\/p><p>Wir verarbeiten Daten im Rahmen von Verwaltungsaufgaben sowie Organisation<br \/>unseres Betriebs, Finanzbuchhaltung und Befolgung der gesetzlichen Pflichten,<br \/>wie z.B. der Archivierung. Herbei verarbeiten wir dieselben Daten, die wir im<br \/>Rahmen der Erbringung unserer vertraglichen Leistungen verarbeiten. Die<br \/>Verarbeitungsgrundlagen sind Art. 6 Abs. 1 lit. c. DSGVO, Art. 6 Abs. 1 lit. f.<br \/>DSGVO. Von der Verarbeitung sind Kunden, Interessenten, Gesch\u00e4ftspartner und<br \/>Websitebesucher betroffen. Der Zweck und unser Interesse an der Verarbeitung<br \/>liegt in der Administration, Finanzbuchhaltung, B\u00fcroorganisation, Archivierung<br \/>von Daten, also Aufgaben die der Aufrechterhaltung unserer<br \/>Gesch\u00e4ftst\u00e4tigkeiten, Wahrnehmung unserer Aufgaben und Erbringung unserer<br \/>Leistungen dienen. Die L\u00f6schung der Daten im Hinblick auf vertragliche<br \/>Leistungen und die vertragliche Kommunikation entspricht den, bei diesen Verarbeitungst\u00e4tigkeiten<br \/>genannten Angaben.<\/p><p>\u00a0<\/p><p>Wir offenbaren oder \u00fcbermitteln hierbei Daten an die Finanzverwaltung,<br \/>Berater, wie z.B., Steuerberater oder Wirtschaftspr\u00fcfer sowie weitere<br \/>Geb\u00fchrenstellen und Zahlungsdienstleister.<\/p><p>\u00a0<\/p><p>Ferner speichern wir auf Grundlage unserer betriebswirtschaftlichen<br \/>Interessen Angaben zu Lieferanten, Veranstaltern und sonstigen<br \/>Gesch\u00e4ftspartnern, z.B. zwecks sp\u00e4terer Kontaktaufnahme. Diese mehrheitlich<br \/>unternehmensbezogenen Daten, speichern wir grunds\u00e4tzlich dauerhaft.<\/p><p>\u00a0<\/p><p class=\"has-medium-font-size\"><strong>Kontaktaufnahme<\/strong><\/p><p>\u00a0<\/p><p>Bei der Kontaktaufnahme mit uns (z.B. per Kontaktformular, E-Mail, Telefon<br \/>oder via sozialer Medien) werden die Angaben des Nutzers zur Bearbeitung der<br \/>Kontaktanfrage und deren Abwicklung gem. Art. 6 Abs. 1 lit. b) DSGVO<br \/>verarbeitet. Die Angaben der Nutzer k\u00f6nnen in einem<br \/>Customer-Relationship-Management System (\u201eCRM System\u201c) oder vergleichbarer<br \/>Anfragenorganisation gespeichert werden.<\/p><p>\u00a0<\/p><p>Wir l\u00f6schen die Anfragen, sofern diese nicht mehr erforderlich sind. Wir<br \/>\u00fcberpr\u00fcfen die Erforderlichkeit alle zwei Jahre; Ferner gelten die gesetzlichen<br \/>Archivierungspflichten.<\/p><p>\u00a0<\/p><p class=\"has-medium-font-size\"><strong>Kommentare und Beitr\u00e4ge<\/strong><\/p><p>\u00a0<\/p><p>Wenn Nutzer Kommentare oder sonstige Beitr\u00e4ge hinterlassen, k\u00f6nnen ihre<br \/>IP-Adressen auf Grundlage unserer berechtigten Interessen im Sinne des Art. 6<br \/>Abs. 1 lit. f. DSGVO f\u00fcr 7 Tage gespeichert werden. Das erfolgt zu unserer<br \/>Sicherheit, falls jemand in Kommentaren und Beitr\u00e4gen widerrechtliche Inhalte<br \/>hinterl\u00e4sst (Beleidigungen, verbotene politische Propaganda, etc.). In diesem<br \/>Fall k\u00f6nnen wir selbst f\u00fcr den Kommentar oder Beitrag belangt werden und sind<br \/>daher an der Identit\u00e4t des Verfassers interessiert.<\/p><p>\u00a0<\/p><p>Des Weiteren behalten wir uns vor, auf Grundlage unserer berechtigten<br \/>Interessen gem. Art. 6 Abs. 1 lit. f. DSGVO, die Angaben der Nutzer zwecks<br \/>Spamerkennung zu verarbeiten.<\/p><p>\u00a0<\/p><p class=\"has-medium-font-size\"><strong>Onlinepr\u00e4senzen in sozialen Medien<\/strong><\/p><p>\u00a0<\/p><p>Wir unterhalten Onlinepr\u00e4senzen innerhalb sozialer Netzwerke und<br \/>Plattformen, um mit den dort aktiven Kunden, Interessenten und Nutzern<br \/>kommunizieren und sie dort \u00fcber unsere Leistungen informieren zu k\u00f6nnen. Beim Aufruf<br \/>der jeweiligen Netzwerke und Plattformen gelten die Gesch\u00e4ftsbedingungen und<br \/>die Datenverarbeitungsrichtlinien deren jeweiligen Betreiber.<\/p><p>\u00a0<\/p><p>Soweit nicht anders im Rahmen unserer Datenschutzerkl\u00e4rung angegeben,<br \/>verarbeiten wir die Daten der Nutzer sofern diese mit uns innerhalb der<br \/>sozialen Netzwerke und Plattformen kommunizieren, z.B. Beitr\u00e4ge auf unseren<br \/>Onlinepr\u00e4senzen verfassen oder uns Nachrichten zusenden.<\/p><p>\u00a0<\/p><p class=\"has-medium-font-size\"><strong>Einbindung von Diensten und Inhalten Dritter<\/strong><\/p><p>\u00a0<\/p><p>Wir setzen innerhalb unseres Onlineangebotes auf Grundlage unserer<br \/>berechtigten Interessen (d.h. Interesse an der Analyse, Optimierung und<br \/>wirtschaftlichem Betrieb unseres Onlineangebotes im Sinne des Art. 6 Abs. 1<br \/>lit. f. DSGVO) Inhalts- oder Serviceangebote von Drittanbietern ein, um deren<br \/>Inhalte und Services, wie z.B. Videos oder Schriftarten einzubinden<br \/>(nachfolgend einheitlich bezeichnet als \u201cInhalte\u201d).<\/p><p>\u00a0<\/p><p>Dies setzt immer voraus, dass die Drittanbieter dieser Inhalte, die<br \/>IP-Adresse der Nutzer wahrnehmen, da sie ohne die IP-Adresse die Inhalte nicht<br \/>an deren Browser senden k\u00f6nnten. Die IP-Adresse ist damit f\u00fcr die Darstellung<br \/>dieser Inhalte erforderlich. Wir bem\u00fchen uns nur solche Inhalte zu verwenden,<br \/>deren jeweilige Anbieter die IP-Adresse lediglich zur Auslieferung der Inhalte<br \/>verwenden. Drittanbieter k\u00f6nnen ferner so genannte Pixel-Tags (unsichtbare<br \/>Grafiken, auch als \u201eWeb Beacons\u201c bezeichnet) f\u00fcr statistische oder<br \/>Marketingzwecke verwenden. Durch die \u201ePixel-Tags\u201c k\u00f6nnen Informationen, wie der<br \/>Besucherverkehr auf den Seiten dieser Website ausgewertet werden. Die<br \/>pseudonymen Informationen k\u00f6nnen ferner in Cookies auf dem Ger\u00e4t der Nutzer<br \/>gespeichert werden und unter anderem technische Informationen zum Browser und<br \/>Betriebssystem, verweisende Webseiten, Besuchszeit sowie weitere Angaben zur<br \/>Nutzung unseres Onlineangebotes enthalten, als auch mit solchen Informationen<br \/>aus anderen Quellen verbunden werden.<\/p><p>\u00a0<\/p><p class=\"has-medium-font-size\"><strong>Google ReCaptcha<\/strong><\/p><p>\u00a0<\/p><p>Wir binden die Funktion zur Erkennung von Bots, z.B. bei Eingaben in<br \/>Onlineformularen (\u201eReCaptcha\u201c) des Anbieters Google LLC, 1600 Amphitheatre<br \/>Parkway, Mountain View, CA 94043, USA, ein. Datenschutzerkl\u00e4rung:\u00a0<a href=\"https:\/\/www.google.com\/policies\/privacy\/\" target=\"_blank\" rel=\"noreferrer noopener\"><strong>https:\/\/www.google.com\/policies\/privacy\/<\/strong><\/a>,<br \/>Opt-Out:\u00a0<a href=\"https:\/\/adssettings.google.com\/authenticated\" target=\"_blank\" rel=\"noreferrer noopener\"><strong>https:\/\/adssettings.google.com\/authenticated<\/strong><\/a>.<\/p><p>\u00a0<\/p><p>Vom Websiteinhaber angepasst.<\/p><p>\u00a0<\/p><p><a href=\"https:\/\/datenschutz-generator.de\/\" target=\"_blank\" rel=\"noreferrer noopener\"><strong>Erstellt mit Datenschutz-Generator.de von RA Dr. Thomas<br \/>Schwenke<\/strong><\/a><\/p>\t\t\t\t\t\t\t\t<\/div>\n\t\t\t\t<\/div>\n\t\t\t\t\t<\/div>\n\t\t<\/div>\n\t\t\t\t\t<\/div>\n\t\t<\/section>\n\t\t\t\t<\/div>\n\t\t","protected":false},"excerpt":{"rendered":"<p>Datenschutz Hier zu schnellen \u00dcbersicht welche Daten diese Website speichert . Weiter unten folgt dann die vollst\u00e4ndige Rechtlich einwandfreie Datenschutzerkl\u00e4rung Cookie Einstellungen unser&nbsp;Hoster speichert IP-Adressen (unter anderem um Angriffe zu verhindern) hinterlasstihr uns einen Kommentar, speichern wir ihre Email-Adresse. schreibt&nbsp;ihr uns \u00fcber ein Kontaktformular an, landen die dort eingegebenen Infos per Mail bei uns Was [&hellip;]<\/p>\n","protected":false},"author":1,"featured_media":0,"parent":0,"menu_order":0,"comment_status":"closed","ping_status":"closed","template":"","meta":{"site-sidebar-layout":"no-sidebar","site-content-layout":"page-builder","ast-site-content-layout":"","site-content-style":"default","site-sidebar-style":"default","ast-global-header-display":"","ast-banner-title-visibility":"","ast-main-header-display":"","ast-hfb-above-header-display":"","ast-hfb-below-header-display":"","ast-hfb-mobile-header-display":"","site-post-title":"disabled","ast-breadcrumbs-content":"","ast-featured-img":"disabled","footer-sml-layout":"","theme-transparent-header-meta":"","adv-header-id-meta":"","stick-header-meta":"","header-above-stick-meta":"","header-main-stick-meta":"","header-below-stick-meta":"","astra-migrate-meta-layouts":"default","ast-page-background-enabled":"default","ast-page-background-meta":{"desktop":{"background-color":"var(--ast-global-color-4)","background-image":"","background-repeat":"repeat","background-position":"center center","background-size":"auto","background-attachment":"scroll","background-type":"","background-media":"","overlay-type":"","overlay-color":"","overlay-opacity":"","overlay-gradient":""},"tablet":{"background-color":"","background-image":"","background-repeat":"repeat","background-position":"center center","background-size":"auto","background-attachment":"scroll","background-type":"","background-media":"","overlay-type":"","overlay-color":"","overlay-opacity":"","overlay-gradient":""},"mobile":{"background-color":"","background-image":"","background-repeat":"repeat","background-position":"center center","background-size":"auto","background-attachment":"scroll","background-type":"","background-media":"","overlay-type":"","overlay-color":"","overlay-opacity":"","overlay-gradient":""}},"ast-content-background-meta":{"desktop":{"background-color":"var(--ast-global-color-5)","background-image":"","background-repeat":"repeat","background-position":"center center","background-size":"auto","background-attachment":"scroll","background-type":"","background-media":"","overlay-type":"","overlay-color":"","overlay-opacity":"","overlay-gradient":""},"tablet":{"background-color":"var(--ast-global-color-5)","background-image":"","background-repeat":"repeat","background-position":"center center","background-size":"auto","background-attachment":"scroll","background-type":"","background-media":"","overlay-type":"","overlay-color":"","overlay-opacity":"","overlay-gradient":""},"mobile":{"background-color":"var(--ast-global-color-5)","background-image":"","background-repeat":"repeat","background-position":"center center","background-size":"auto","background-attachment":"scroll","background-type":"","background-media":"","overlay-type":"","overlay-color":"","overlay-opacity":"","overlay-gradient":""}},"footnotes":""},"class_list":["post-500","page","type-page","status-publish","hentry"],"jetpack_sharing_enabled":true,"_links":{"self":[{"href":"https:\/\/weequip.de\/index.php?rest_route=\/wp\/v2\/pages\/500","targetHints":{"allow":["GET"]}}],"collection":[{"href":"https:\/\/weequip.de\/index.php?rest_route=\/wp\/v2\/pages"}],"about":[{"href":"https:\/\/weequip.de\/index.php?rest_route=\/wp\/v2\/types\/page"}],"author":[{"embeddable":true,"href":"https:\/\/weequip.de\/index.php?rest_route=\/wp\/v2\/users\/1"}],"replies":[{"embeddable":true,"href":"https:\/\/weequip.de\/index.php?rest_route=%2Fwp%2Fv2%2Fcomments&post=500"}],"version-history":[{"count":8,"href":"https:\/\/weequip.de\/index.php?rest_route=\/wp\/v2\/pages\/500\/revisions"}],"predecessor-version":[{"id":613,"href":"https:\/\/weequip.de\/index.php?rest_route=\/wp\/v2\/pages\/500\/revisions\/613"}],"wp:attachment":[{"href":"https:\/\/weequip.de\/index.php?rest_route=%2Fwp%2Fv2%2Fmedia&parent=500"}],"curies":[{"name":"wp","href":"https:\/\/api.w.org\/{rel}","templated":true}]}}